{"id":2235,"date":"2026-01-19T14:44:00","date_gmt":"2026-01-19T12:44:00","guid":{"rendered":"http:\/\/spdwoelfersheim.de\/?page_id=2235"},"modified":"2026-03-03T17:39:05","modified_gmt":"2026-03-03T15:39:05","slug":"wahl-2026","status":"publish","type":"page","link":"http:\/\/spdwoelfersheim.de\/?page_id=2235","title":{"rendered":"Kommunalwahl 2026"},"content":{"rendered":"<p>Am 15. M\u00e4rz findet in Hessen die Kommunalwahl statt. Hier wird neben der W\u00f6lfersheimer Gemeindevertretung auch der Wetterauer Kreistag gew\u00e4hlt.<br \/>\nAuf dieser Seite m\u00f6chten wir Ihnen unsere 31 Kandidatinnen und Kandidaten vorstellen die sich um einen Sitz in unserer Gemeindevertretung bewerben.<\/p>\n<p>Weitere Informationen zu unseren Kandidaten und zum Wahlprogramm finden Sie in den B\u00fcrgergespr\u00e4chen 118 und 119 und nat\u00fcrlich auf der Startseite unserer Homepage unter den laufenden Ver\u00f6ffentlichungen.<\/p>\n<p>Wir w\u00fcnschen Ihnen viel Spa\u00df beim Lesen und stehen Ihnen f\u00fcr R\u00fcckfragen gerne unter der E-Mailadresse <a href=\"mailto:kontakt@spdwoelfersheim.de\" target=\"_blank\">kontakt@spdwoelfersheim.de<\/a> zur Verf\u00fcgung.<\/p>\n<p>Viele Gr\u00fc\u00dfe und Gl\u00fcck auf<\/p>\n<p><strong>Ihre W\u00f6lfersheimer SPD<\/strong><br \/>\n&#8211; wir k\u00fcmmern uns drum &#8211;<\/p>\n<table  class=\" table table-hover\" style=\"border: none;\">\n<tbody>\n<tr>\n<td style=\"border: none;\" width=\"150\">\n<img decoding=\"async\" src=\"http:\/\/spdwoelfersheim.de\/wp-content\/uploads\/2026\/01\/01-Eike-See-0052-scaled.jpg\" border=\"0\" \/>\n<\/td>\n<td style=\"border: none;\" align=\"left\">\n&nbsp;<b>Eike See<\/b><br \/>\n&nbsp;B\u00fcrgermeister<\/p>\n<div class=\"kandidat-post\" style=\"margin-top:8px; line-height:1.35;\">\n<p style=\"margin:0 0 4px 0;\"><strong>Ich bin&#8230;<\/strong><br \/>ein l\u00f6sungsorientierter Mensch, der Probleme pragmatisch und unb\u00fcrokratisch angeht und der es sch\u00e4tzt, wenn Kritik offen und direkt an ihn herangetragen wird.<\/p>\n<p style=\"margin:0 0 4px 0;\"><strong>Ich setze mich ein f\u00fcr&#8230;<\/strong><br \/>Die Themen in unserer Gemeinde sind vielf\u00e4ltig, von der Kinderbetreuung \u00fcber die Zusammenarbeit mit unseren Schulen, die F\u00f6rderung von Vereinen und Feuerwehr, die Seniorenarbeit, unsere Infrastruktur und den Klimaschutz bis hin zum Kulturprogramm und zur St\u00e4rkung unserer Demokratie. Diese Herausforderungen m\u00f6chte ich gemeinsam mit meinem Team der W\u00f6lfersheimer SPD weiterhin engagiert und verantwortungsvoll zum Wohle aller B\u00fcrgerinnen und B\u00fcrger angehen.<\/p>\n<p style=\"margin:0 0 4px 0;\"><strong>F\u00fcr die Zukunft w\u00fcnsche ich mir, &#8230;<\/strong><br \/>dass W\u00f6lfersheim auch morgen noch der Ort ist, an dem Menschen gerne zu Hause sind. Ein Ort mit guten Angeboten f\u00fcr Familien, einer starken Gemeinschaft und verl\u00e4sslicher Infrastruktur.<\/p>\n<p style=\"margin:0;\"><strong>Mein Lieblingsort:<\/strong><br \/>der W\u00f6lfersheimer See<\/p>\n<\/div>\n<\/td>\n<\/tr>\n<tr>\n<td colspan=\"2\" style=\"border:none; height:26px; line-height:26px; font-size:0;\">&nbsp;<\/td>\n<\/tr>\n<tr>\n<td style=\"border: none;\" width=\"150\">\n<img decoding=\"async\" src=\"http:\/\/spdwoelfersheim.de\/wp-content\/uploads\/2026\/01\/02-Carmen-Koerschner-0047-scaled.jpg\" border=\"0\" \/>\n<\/td>\n<td style=\"border: none;\" align=\"left\">\n&nbsp;<b>Carmen K\u00f6rschner<\/b> (W\u00f6lfersheim)<br \/>\n&nbsp;Lehrerin in Pension<\/p>\n<div class=\"kandidat-post\" style=\"margin-top:8px; line-height:1.35;\">\n<p style=\"margin:0 0 4px 0;\"><strong>Ich bin&#8230;<\/strong><br \/>daran interessiert, dass Menschen geh\u00f6rt werden und ihre existentiellen Interessen von mir als Kommunalpolitikerin wahrgenommen werden. Als Schiedsfrau der Gemeindeversuche ich bei Nachbarschaftsstreitigkeiten die Menschen wieder miteinander ins Gespr\u00e4ch zu bringen. Ich interessiere mich f\u00fcr unterschiedliche Sportarten und wertsch\u00e4tze sehr wie sich Ehrenamtliche mit ihrem Engagement einbringen.<\/p>\n<p style=\"margin:0 0 4px 0;\"><strong>Daf\u00fcr setze ich mich ein&#8230;<\/strong><br \/>Es sind f\u00fcr mich alle Themen wichtig, die die Daseinsf\u00fcrsorge (Schule, Kitas, Nahversorgung, Sportanlagen, kulturelle Angebote, funktionsf\u00e4hige Feuerwehren in allen Ortsteilen, Wasserversorgung, eine Kl\u00e4ranlage mit h\u00f6chster effizienter Kl\u00e4rstufe) in der Gemeinde abbilden.<\/p>\n<p style=\"margin:0 0 4px 0;\"><strong>Das ist mir f\u00fcr die Zukunft W\u00f6lfersheims wichtig:<\/strong><br \/>Ich m\u00f6chte, dass die Infrastruktur der Gemeinde erhalten wird und weiter ausgebaut werden kann, ohne die B\u00fcgerinnen und B\u00fcrger mit hohen Grundsteuerabgaben zu belasten. Viele Projekte haben wir so schon auf den Weg gebracht, z.B. die Turnhalle in S\u00f6del, der Ausbau der Schulinfrastruktur, die Bibliotheken und die vielen Naherholungsangebote in W\u00f6lfersheim.<\/p>\n<p style=\"margin:0;\"><strong>Mein Lieblingsort:<\/strong><br \/>Bei einem langen Spaziergang bei guter Wetterlage den Blick vom Limberg aus \u00fcber die vor mir liegenden Mittelgebirge schweifen lassen.<\/p>\n<\/div>\n<\/td>\n<\/tr>\n<tr>\n<td colspan=\"2\" style=\"border:none; height:26px; line-height:26px; font-size:0;\">&nbsp;<\/td>\n<\/tr>\n<tr>\n<td style=\"border: none;\" width=\"150\">\n<img decoding=\"async\" src=\"http:\/\/spdwoelfersheim.de\/wp-content\/uploads\/2026\/01\/03-Gerhard-Weber-0037-scaled.jpg\" border=\"0\" \/>\n<\/td>\n<td style=\"border: none;\" align=\"left\">\n&nbsp;<b>Gerhard Weber<\/b> (W\u00f6lfersheim)<br \/>\n&nbsp;Pension\u00e4r<\/p>\n<div class=\"kandidat-post\" style=\"margin-top:8px; line-height:1.35;\">\n<p style=\"margin:0 0 4px 0;\"><strong>Ich bin \u2026<\/strong><br \/>gradlinig, verantwortungsbewusst und verl\u00e4sslich.<\/p>\n<p style=\"margin:0 0 4px 0;\"><strong>Ich setze mich ein f\u00fcr \u2026<\/strong><br \/>geordnete finanzielle Verh\u00e4ltnisse, bezahlbaren Wohnraum sowie gute Senioren- und Inklusionspolitik.<\/p>\n<p style=\"margin:0 0 4px 0;\"><strong>F\u00fcr die Zukunft w\u00fcnsche ich mir \u2026<\/strong><br \/>eine strukturelle Weiterentwicklung der Gemeinde und eine lebenswerte Zukunft f\u00fcr Jung und Alt.<\/p>\n<\/div>\n<\/td>\n<\/tr>\n<tr>\n<td colspan=\"2\" style=\"border:none; height:26px; line-height:26px; font-size:0;\">&nbsp;<\/td>\n<\/tr>\n<tr>\n<td style=\"border: none;\" width=\"150\">\n<img decoding=\"async\" src=\"http:\/\/spdwoelfersheim.de\/wp-content\/uploads\/2026\/01\/04-NIna-Gerlach-0259-scaled.jpg\" border=\"0\" \/>\n<\/td>\n<td style=\"border: none;\" align=\"left\">\n&nbsp;<b>Nina Gerlach<\/b> (Melbach)<br \/>\n&nbsp;Leitung Stadtmarketing<\/p>\n<div class=\"kandidat-post\" style=\"margin-top:8px; line-height:1.35;\">\n<p style=\"margin:0 0 4px 0;\"><strong>Ich bin\u2026<\/strong><br \/>kreative Macherin, Mama, chaotisches Organisationstalent und engagiere mich gerne f\u00fcr die Menschen in meiner Umgebung und die Orte, die ich liebe.<\/p>\n<p style=\"margin:0 0 4px 0;\"><strong>Ich setze mich ein f\u00fcr\u2026<\/strong><br \/>ein aktives Zusammenleben und eine gute Infrastruktur in jedem Alter in W\u00f6lfersheim. Dazu geh\u00f6ren f\u00fcr mich die Bildungsinfrastruktur genauso wie ein spannendes Kulturprogramm.<\/p>\n<p style=\"margin:0 0 4px 0;\"><strong>F\u00fcr die Zukunft w\u00fcnsche ich mir\u2026<\/strong><br \/>dass wir gemeinsam und \u00fcber Parteigrenzen hinweg alles f\u00fcr einen lebendigen und lebenswerten Ort tun.<\/p>\n<p style=\"margin:0;\"><strong>Meine Lieblingsorte sind\u2026<\/strong><br \/>die Apfelb\u00e4ume am Haag im Sommer, Spazierg\u00e4nge am See in der Januarsonne und der Blick Richtung Frankfurt am S\u00f6dler Waldrand.<\/p>\n<\/div>\n<\/td>\n<\/tr>\n<tr>\n<td colspan=\"2\" style=\"border:none; height:26px; line-height:26px; font-size:0;\">&nbsp;<\/td>\n<\/tr>\n<tr>\n<td style=\"border: none;\" width=\"150\">\n<img decoding=\"async\" src=\"http:\/\/spdwoelfersheim.de\/wp-content\/uploads\/2026\/01\/05-Matthias-Appel-0156-scaled.jpg\" border=\"0\" \/>\n<\/td>\n<td style=\"border: none;\" align=\"left\">\n&nbsp;<b>Matthias Appel<\/b> (W\u00f6lfersheim)<br \/>\n&nbsp;Teamleiter Technische Doku &amp; Compliance<\/p>\n<div class=\"kandidat-post\" style=\"margin-top:8px; line-height:1.35;\">\n<p style=\"margin:0 0 4px 0;\"><strong>Ich bin\u2026<\/strong><br \/>politisch f\u00fcr geradlinige Entscheidungen und ergebnisorientierte L\u00f6sungen. Ich betrachte Situationen und Menschen ganzheitlich mit ruhiger Haltung. Sport, Ern\u00e4hrung und Natur sind mir wichtig.<\/p>\n<p style=\"margin:0 0 4px 0;\"><strong>Ich setze mich ein f\u00fcr\u2026<\/strong><br \/>Weiterentwicklung notwendiger Infrastruktur, Orte der Begegnung, Barrierefreiheit sowie Wertevermittlung in Tier- und Naturschutz.<\/p>\n<p style=\"margin:0 0 4px 0;\"><strong>F\u00fcr die Zukunft w\u00fcnsche ich mir\u2026<\/strong><br \/>die Erhaltung der vielf\u00e4ltigen Infrastruktur und des Kulturprogramms.<\/p>\n<p style=\"margin:0;\"><strong>Mein Lieblingsort ist\u2026<\/strong><br \/>der Hochzeitspavillon am See.<\/p>\n<\/div>\n<\/td>\n<\/tr>\n<tr>\n<td colspan=\"2\" style=\"border:none; height:26px; line-height:26px; font-size:0;\">&nbsp;<\/td>\n<\/tr>\n<tr>\n<td style=\"border: none;\" width=\"150\">\n<img decoding=\"async\" src=\"http:\/\/spdwoelfersheim.de\/wp-content\/uploads\/2026\/01\/06-Karl-Ernst-Pulkert-scaled.jpg\" border=\"0\" \/>\n<\/td>\n<td style=\"border: none;\" align=\"left\">\n&nbsp;<b>Karl Ernst Pulkert<\/b> (S\u00f6del)<br \/>\n&nbsp;Oberstudienrat Lehrer im Ruhestand<\/p>\n<div class=\"kandidat-post\" style=\"margin-top:8px; line-height:1.35;\">\n<p style=\"margin:0 0 4px 0;\"><strong>Ich bin\u2026<\/strong><br \/>72 Jahre alt, war fr\u00fcher Deutsch und Englischlehrer und wohne seit 1981 in S\u00f6del. Ich habe viele Jahre als Schlagzeuger und S\u00e4nger Musik gemacht und ein eigenes Buch verfasst.<\/p>\n<p style=\"margin:0 0 4px 0;\"><strong>Ich setze mich ein f\u00fcr\u2026<\/strong><br \/>die gro\u00dfe Verschiedenartigkeit unserer Gewerbebetriebe und unseres Vereinslebens \u2013 sie ist ein Schl\u00fcssel f\u00fcr Versorgung, Freizeit, Erholung und Kultur. Besonders liegt mir S\u00f6del am Herzen.<\/p>\n<p style=\"margin:0 0 4px 0;\"><strong>F\u00fcr die Zukunft w\u00fcnsche ich mir\u2026<\/strong><br \/>dass W\u00f6lfersheim weiterhin ein attraktiver Wohn- und Arbeitsort bleibt.<\/p>\n<\/div>\n<\/td>\n<\/tr>\n<tr>\n<td colspan=\"2\" style=\"border:none; height:26px; line-height:26px; font-size:0;\">&nbsp;<\/td>\n<\/tr>\n<tr>\n<td style=\"border: none;\" width=\"150\">\n<img decoding=\"async\" src=\"http:\/\/spdwoelfersheim.de\/wp-content\/uploads\/2026\/01\/07-Loni-Konietzke-scaled.jpg\" border=\"0\" \/>\n<\/td>\n<td style=\"border: none;\" align=\"left\">\n&nbsp;<b>Loni Konietzke<\/b> (W\u00f6lfersheim)<br \/>\n&nbsp;Rentnerin<\/p>\n<div class=\"kandidat-post\" style=\"margin-top:8px; line-height:1.35;\">\n<p style=\"margin:0 0 4px 0;\"><strong>Ich bin \u2026<\/strong><br \/>Standesbeamtin, Gemeindevertreterin, 1. Vorsitzende des Seniorenclubs \u2013 und ein Familienmensch.<\/p>\n<p style=\"margin:0 0 4px 0;\"><strong>Ich setze mich ein f\u00fcr \u2026<\/strong><br \/>soziale Themen, die alle Generationen betreffen \u2013 ob Kleine, Gro\u00dfe oder \u00c4ltere.<\/p>\n<p style=\"margin:0 0 4px 0;\"><strong>F\u00fcr die Zukunft w\u00fcnsche ich mir \u2026<\/strong><br \/>weitere sch\u00f6ne Projekte f\u00fcr unsere Gro\u00dfgemeinde W\u00f6lfersheim.<\/p>\n<p style=\"margin:0;\"><strong>Mein Lieblingsort:<\/strong><br \/>die Steingasse in W\u00f6lfersheim hochlaufen \u2013 mit Blick Richtung Vogelsberg, Taunus, Frankfurt, umliegende W\u00e4lder und unseren See<\/p>\n<\/div>\n<\/td>\n<\/tr>\n<tr>\n<td colspan=\"2\" style=\"border:none; height:26px; line-height:26px; font-size:0;\">&nbsp;<\/td>\n<\/tr>\n<tr>\n<td style=\"border: none;\" width=\"150\">\n<img decoding=\"async\" src=\"http:\/\/spdwoelfersheim.de\/wp-content\/uploads\/2026\/01\/08-Andreas-Bommersheim-0110-scaled.jpg\" border=\"0\" \/>\n<\/td>\n<td style=\"border: none;\" align=\"left\">\n&nbsp;<b>Andreas Bommersheim<\/b> (Wohnbach)<br \/>\n&nbsp;Schreiner<\/p>\n<div class=\"kandidat-post\" style=\"margin-top:8px; line-height:1.35;\">\n<p style=\"margin:0 0 4px 0;\"><strong>Ich bin\u2026<\/strong><br \/>Wohnbacher, stolzer Vater, engagiert im Vereinsleben und naturverbunden. Ungerechtigkeiten bringen mich auf die Palme. Ich bin meinungsstark \u2013 und bereit, meine Meinung zu \u00e4ndern, wenn man mich \u00fcberzeugt.<\/p>\n<p style=\"margin:0 0 4px 0;\"><strong>Ich setze mich ein f\u00fcr\u2026<\/strong><br \/>Wohnbach als kleinsten Ortsteil sichtbar zu machen, Arbeitspl\u00e4tze zu sichern und Vereine zu st\u00e4rken. Ich m\u00f6chte Ansprechpartner f\u00fcr alle B\u00fcrgerinnen und B\u00fcrger sein.<\/p>\n<p style=\"margin:0 0 4px 0;\"><strong>F\u00fcr die Zukunft w\u00fcnsche ich mir\u2026<\/strong><br \/>eine Gemeinde, die ihren hohen Standard h\u00e4lt und weiterentwickelt \u2013 f\u00fcr Freizeit, Sport, Kultur und stabile Finanzen.<\/p>\n<p style=\"margin:0;\"><strong>Mein Lieblingsort ist\u2026<\/strong><br \/>der Lindenbaum Richtung Bergheimer W\u00e4ldchen.<\/p>\n<\/div>\n<\/td>\n<\/tr>\n<tr>\n<td colspan=\"2\" style=\"border:none; height:26px; line-height:26px; font-size:0;\">&nbsp;<\/td>\n<\/tr>\n<tr>\n<td style=\"border: none;\" width=\"150\">\n<img decoding=\"async\" src=\"http:\/\/spdwoelfersheim.de\/wp-content\/uploads\/2026\/01\/09-Angelika-Fischer-0245-scaled.jpg\" border=\"0\" \/>\n<\/td>\n<td style=\"border: none;\" align=\"left\">\n&nbsp;<b>Angelika Fischer<\/b> (W\u00f6lfersheim)<br \/>\n&nbsp;Verwaltungsfachangestellte<\/p>\n<div class=\"kandidat-post\" style=\"margin-top:8px; line-height:1.35;\">\n<p style=\"margin:0 0 4px 0;\"><strong>Ich bin\u2026<\/strong><br \/>urspr\u00fcnglich aus Frankfurt, aber seit \u00fcber 30 Jahren in meiner Wahlheimat Wetterau. Ich engagiere mich privat und im Personalrat.<\/p>\n<p style=\"margin:0 0 4px 0;\"><strong>Ich setze mich ein f\u00fcr\u2026<\/strong><br \/>eine attraktive Gemeinde f\u00fcr alle Generationen mit besonderem Fokus auf die Jugendarbeit.<\/p>\n<p style=\"margin:0 0 4px 0;\"><strong>F\u00fcr die Zukunft w\u00fcnsche ich mir\u2026<\/strong><br \/>ein gutes Miteinander aller Generationen und gegenseitiges Verst\u00e4ndnis.<\/p>\n<p style=\"margin:0;\"><strong>Mein Lieblingsort ist\u2026<\/strong><br \/>der Singberg mit dem Naturlehrpfad.<\/p>\n<\/div>\n<\/td>\n<\/tr>\n<tr>\n<td colspan=\"2\" style=\"border:none; height:26px; line-height:26px; font-size:0;\">&nbsp;<\/td>\n<\/tr>\n<tr>\n<td style=\"border: none;\" width=\"150\">\n<img decoding=\"async\" src=\"http:\/\/spdwoelfersheim.de\/wp-content\/uploads\/2026\/01\/10-Sascha-Zon-0188-scaled.jpg\" border=\"0\" \/>\n<\/td>\n<td style=\"border: none;\" align=\"left\">\n&nbsp;<b>Sascha Zon<\/b> (Berstadt)<br \/>\n&nbsp;Kriminalbeamter<\/p>\n<div class=\"kandidat-post\" style=\"margin-top:8px; line-height:1.35;\">\n<p style=\"margin:0 0 4px 0;\"><strong>Ich bin \u2026<\/strong><br \/>ruhig, besonnen und zuverl\u00e4ssig.<\/p>\n<p style=\"margin:0 0 4px 0;\"><strong>Ich setze mich ein f\u00fcr \u2026<\/strong><br \/>die Jugendarbeit in der Gemeinde. Meine Erfahrung aus der Jugendsachbearbeitung m\u00f6chte ich nutzen, um Pr\u00e4vention zu st\u00e4rken.<br \/>Au\u00dferdem will ich mit den Vereinen in Berstadt im Dialog sein, zuh\u00f6ren und unterst\u00fctzen. Ich stehe allen W\u00f6lfersheimerinnen und W\u00f6lfersheimern als Ansprechpartner zu den Themen Sicherheit, Jugend und Sport zur Verf\u00fcgung.<\/p>\n<p style=\"margin:0 0 4px 0;\"><strong>F\u00fcr die Zukunft w\u00fcnsche ich mir \u2026<\/strong><br \/>eine weiterhin attraktive Gemeinde und viele Freizeitm\u00f6glichkeiten f\u00fcr Kinder und Jugendliche. Die Kriminalit\u00e4t soll weiter auf niedrigem Niveau bleiben.<\/p>\n<p style=\"margin:0;\"><strong>Mein Lieblingsort:<\/strong><br \/>der Sportplatz in Berstadt<\/p>\n<\/div>\n<\/td>\n<\/tr>\n<tr>\n<td colspan=\"2\" style=\"border:none; height:26px; line-height:26px; font-size:0;\">&nbsp;<\/td>\n<\/tr>\n<tr>\n<td style=\"border: none;\" width=\"150\">\n<img decoding=\"async\" src=\"http:\/\/spdwoelfersheim.de\/wp-content\/uploads\/2026\/01\/11-Stefan-Bodem-0147-scaled.jpg\" border=\"0\" \/>\n<\/td>\n<td style=\"border: none;\" align=\"left\">\n&nbsp;<b>Stefan Bodem<\/b> (W\u00f6lfersheim)<br \/>\n&nbsp;Elektromeister<\/p>\n<div class=\"kandidat-post\" style=\"margin-top:8px; line-height:1.35;\">\n<p style=\"margin:0 0 4px 0;\"><strong>Ich bin\u2026<\/strong><br \/>ein praktisch orientierter Mensch. Wenn ich tr\u00e4ume, dann meistens von Dingen, die sich auch in die Tat umsetzen lassen \u2013 und oft auch andere begeistern.<\/p>\n<p style=\"margin:0 0 4px 0;\"><strong>Ich setze mich ein f\u00fcr\u2026<\/strong><br \/>eine vorausschauende Entwicklung und den sinnvollen Einsatz unserer materiellen und finanziellen Mittel, damit auch kommende Generationen gerne in W\u00f6lfersheim leben.<\/p>\n<p style=\"margin:0 0 4px 0;\"><strong>F\u00fcr die Zukunft w\u00fcnsche ich mir\u2026<\/strong><br \/>eine attraktive Gemeinde f\u00fcr B\u00fcrger wie Gewerbetreibende.<\/p>\n<p style=\"margin:0;\"><strong>Meine Lieblingsorte sind\u2026<\/strong><br \/>die Feld , Wald  und Wiesenwege des Naturerlebnispfads sowie der Seerundweg.<\/p>\n<\/div>\n<\/td>\n<\/tr>\n<tr>\n<td colspan=\"2\" style=\"border:none; height:26px; line-height:26px; font-size:0;\">&nbsp;<\/td>\n<\/tr>\n<tr>\n<td style=\"border: none;\" width=\"150\">\n<img decoding=\"async\" src=\"http:\/\/spdwoelfersheim.de\/wp-content\/uploads\/2026\/01\/12-Simone-Eben_0006-scaled.jpg\" border=\"0\" \/>\n<\/td>\n<td style=\"border: none;\" align=\"left\">\n&nbsp;<b>Simone Eben<\/b> (S\u00f6del)<br \/>\n&nbsp;Flugbegleiterin<\/p>\n<div class=\"kandidat-post\" style=\"margin-top:8px; line-height:1.35;\">\n<p style=\"margin:0 0 4px 0;\"><strong>Ich bin \u2026<\/strong><br \/>ein Familienmensch, liebe lange Spazierg\u00e4nge mit meinem Hund und unternehme gerne etwas mit meinen Freunden.<\/p>\n<p style=\"margin:0 0 4px 0;\"><strong>Ich setze mich ein f\u00fcr \u2026<\/strong><br \/>ein W\u00f6lfersheim, das Heimat bleibt \u2013 trotz meiner vielen beruflichen Reisen ist es der Ort, an dem ich mich wirklich zuhause f\u00fchle.<br \/>Die Gesch\u00e4ftsschlie\u00dfungen besch\u00e4ftigen mich sehr, ich m\u00f6chte den alten Ortskern wiederbeleben.<\/p>\n<p style=\"margin:0 0 4px 0;\"><strong>F\u00fcr die Zukunft w\u00fcnsche ich mir \u2026<\/strong><br \/>dass unsere Gemeinde f\u00fcr Jung und Alt ein gutes Zuhause bleibt.<\/p>\n<p style=\"margin:0;\"><strong>Mein Lieblingsort:<\/strong><br \/>mein Garten<\/p>\n<\/div>\n<\/td>\n<\/tr>\n<tr>\n<td colspan=\"2\" style=\"border:none; height:26px; line-height:26px; font-size:0;\">&nbsp;<\/td>\n<\/tr>\n<tr>\n<td style=\"border: none;\" width=\"150\">\n<img decoding=\"async\" src=\"http:\/\/spdwoelfersheim.de\/wp-content\/uploads\/2026\/01\/13-Sven-Oleschko-0170-scaled.jpg\" border=\"0\" \/>\n<\/td>\n<td style=\"border: none;\" align=\"left\">\n&nbsp;<b>Sven Oleschko<\/b> (S\u00f6del)<br \/>\n&nbsp;Justizvollzugsbeamter<\/p>\n<div class=\"kandidat-post\" style=\"margin-top:8px; line-height:1.35;\">\n<p style=\"margin:0 0 4px 0;\"><strong>Ich bin\u2026<\/strong><br \/>meistens entspannt und wirke dadurch beruhigend. Ich bin sehr bedacht und kritisch und handle dementsprechend. Sarkasmus und Ironie kann ich auch.<\/p>\n<p style=\"margin:0 0 4px 0;\"><strong>Ich setze mich ein f\u00fcr\u2026<\/strong><br \/>unsere Kinder \u2013 also Schule und Kinderg\u00e4rten \u2013 aber auch unsere \u00e4lteren Mitb\u00fcrger sind nicht unwichtig. F\u00fcr die Allgemeinheit ist eine funktionierende Infrastruktur unerl\u00e4sslich.<\/p>\n<p style=\"margin:0 0 4px 0;\"><strong>F\u00fcr die Zukunft w\u00fcnsche ich mir\u2026<\/strong><br \/>dass die Infrastruktur erhalten bzw. durch einen gesunden Haushalt ausgebaut wird.<\/p>\n<p style=\"margin:0;\"><strong>Mein Lieblingsort ist\u2026<\/strong><br \/>die L\u00fcmmelliege am W\u00f6lfersheimer See.<\/p>\n<\/div>\n<\/td>\n<\/tr>\n<tr>\n<td colspan=\"2\" style=\"border:none; height:26px; line-height:26px; font-size:0;\">&nbsp;<\/td>\n<\/tr>\n<tr>\n<td style=\"border: none;\" width=\"150\">\n<img decoding=\"async\" src=\"http:\/\/spdwoelfersheim.de\/wp-content\/uploads\/2026\/01\/14-Marie-Therese-Arnold-0002-scaled.jpg\" border=\"0\" \/>\n<\/td>\n<td style=\"border: none;\" align=\"left\">\n&nbsp;<b>Marie Therese Arnold<\/b> (S\u00f6del)<br \/>\n&nbsp;Sachgebietsleitung Personalentwicklung<\/p>\n<div class=\"kandidat-post\" style=\"margin-top:8px; line-height:1.35;\">\n<p style=\"margin:0 0 4px 0;\"><strong>Ich bin\u2026<\/strong><br \/>vertrauensw\u00fcrdig, klar strukturiert, organisiert, zielstrebig, empathisch, verl\u00e4sslich und familienorientiert.<\/p>\n<p style=\"margin:0 0 4px 0;\"><strong>Ich setze mich ein f\u00fcr\u2026<\/strong><br \/>geordnete Finanzen, stabile Verh\u00e4ltnisse, B\u00fcrgern\u00e4he, zukunftsorientierte Wirtschaftsf\u00f6rderung und ein gutes Bildungsangebot.<\/p>\n<p style=\"margin:0 0 4px 0;\"><strong>F\u00fcr die Zukunft w\u00fcnsche ich mir\u2026<\/strong><br \/>dass wir diese Themen konsequent weiterverfolgen.<\/p>\n<p style=\"margin:0;\"><strong>Meine Lieblingsorte sind\u2026<\/strong><br \/>der W\u00f6lfersheimer See, der Limberg und der Herrengarten in S\u00f6del.<\/p>\n<\/div>\n<\/td>\n<\/tr>\n<tr>\n<td colspan=\"2\" style=\"border:none; height:26px; line-height:26px; font-size:0;\">&nbsp;<\/td>\n<\/tr>\n<tr>\n<td style=\"border: none;\" width=\"150\">\n<img decoding=\"async\" src=\"http:\/\/spdwoelfersheim.de\/wp-content\/uploads\/2026\/01\/15-Jens-Dieffenbach-0002-scaled.jpg\" border=\"0\" \/>\n<\/td>\n<td style=\"border: none;\" align=\"left\">\n&nbsp;<b>Jens Dieffenbach<\/b> (W\u00f6lfersheim)<\/p>\n<\/td>\n<\/tr>\n<tr>\n<td colspan=\"2\" style=\"border:none; height:26px; line-height:26px; font-size:0;\">&nbsp;<\/td>\n<\/tr>\n<tr>\n<td style=\"border: none;\" width=\"150\">\n<img decoding=\"async\" src=\"http:\/\/spdwoelfersheim.de\/wp-content\/uploads\/2026\/01\/16-Michael-Schmidt-0005-scaled.jpg\" border=\"0\" \/>\n<\/td>\n<td style=\"border: none;\" align=\"left\">\n&nbsp;<b>Michael Schmidt<\/b> (S\u00f6del)<br \/>\n&nbsp;Industriekaufmann<\/p>\n<div class=\"kandidat-post\" style=\"margin-top:8px; line-height:1.35;\">\n<p style=\"margin:0 0 4px 0;\"><strong>Ich bin\u2026<\/strong><br \/>ein Familienmensch, sportbegeistert und Ehrenamtler aus \u00dcberzeugung und vollem Einsatz.<\/p>\n<p style=\"margin:0 0 4px 0;\"><strong>Ich setze mich ein f\u00fcr\u2026<\/strong><br \/>eine stetige Weiterentwicklung W\u00f6lfersheims mit hervorragender Infrastruktur, Familienbetreuung und solider Finanzpolitik.<\/p>\n<p style=\"margin:0 0 4px 0;\"><strong>F\u00fcr die Zukunft w\u00fcnsche ich mir\u2026<\/strong><br \/>dass wir die Finanzen weiter im Griff behalten.<\/p>\n<p style=\"margin:0;\"><strong>Mein Lieblingsort ist\u2026<\/strong><br \/>der Kirchplatz in S\u00f6del w\u00e4hrend des Adventsmarkts.<\/p>\n<\/div>\n<\/td>\n<\/tr>\n<tr>\n<td colspan=\"2\" style=\"border:none; height:26px; line-height:26px; font-size:0;\">&nbsp;<\/td>\n<\/tr>\n<tr>\n<td style=\"border: none;\" width=\"150\">\n<img decoding=\"async\" src=\"http:\/\/spdwoelfersheim.de\/wp-content\/uploads\/2026\/01\/17-Simone-Hartmannshenn-0135-scaled.jpg\" border=\"0\" \/>\n<\/td>\n<td style=\"border: none;\" align=\"left\">\n&nbsp;<b>Simone Hartmannshenn<\/b> (W\u00f6lfersheim)<br \/>\n&nbsp;Bilanzbuchhalterin<\/p>\n<div class=\"kandidat-post\" style=\"margin-top:8px; line-height:1.35;\">\n<p style=\"margin:0 0 4px 0;\"><strong>Ich bin \u2026<\/strong><br \/>verantwortungsbewusst und zuverl\u00e4ssig. Soziale Gerechtigkeit ist mir besonders wichtig.<\/p>\n<p style=\"margin:0 0 4px 0;\"><strong>Ich setze mich ein f\u00fcr \u2026<\/strong><br \/>eine gute Zukunft und positive Entwicklung der Gemeinde.<\/p>\n<p style=\"margin:0 0 4px 0;\"><strong>F\u00fcr die Zukunft w\u00fcnsche ich mir \u2026<\/strong><br \/>geordnete finanzielle Verh\u00e4ltnisse.<\/p>\n<\/div>\n<\/td>\n<\/tr>\n<tr>\n<td colspan=\"2\" style=\"border:none; height:26px; line-height:26px; font-size:0;\">&nbsp;<\/td>\n<\/tr>\n<tr>\n<td style=\"border: none;\" width=\"150\">\n<img decoding=\"async\" src=\"http:\/\/spdwoelfersheim.de\/wp-content\/uploads\/2026\/01\/18-Julian-Koerschner-0068-scaled.jpg\" border=\"0\" \/>\n<\/td>\n<td style=\"border: none;\" align=\"left\">\n&nbsp;<b>Julian K\u00f6rschner<\/b> (W\u00f6lfersheim)<br \/>\n&nbsp;Teamleiter Technischer Vertrieb<\/p>\n<div class=\"kandidat-post\" style=\"margin-top:8px; line-height:1.35;\">\n<p style=\"margin:0 0 4px 0;\"><strong>Ich bin\u2026<\/strong><br \/>jemand, der nach dem Motto lebt: \u201eNicht der Wind bestimmt den Kurs, sondern das Setzen der Segel.\u201c Anpacken und gemeinsam Ziele erreichen ist mir wichtig.<\/p>\n<p style=\"margin:0 0 4px 0;\"><strong>Ich setze mich ein f\u00fcr\u2026<\/strong><br \/>einen attraktiven Standort f\u00fcr Familien, Paare und Singles: Arbeitspl\u00e4tze, gen\u00fcgend Kitas und Wohnraum.<\/p>\n<p style=\"margin:0 0 4px 0;\"><strong>F\u00fcr die Zukunft w\u00fcnsche ich mir\u2026<\/strong><br \/>j\u00e4hrlich steigende Gewerbeeinnahmen und ein offenes Ohr f\u00fcr ans\u00e4ssige Firmen.<\/p>\n<p style=\"margin:0;\"><strong>Mein Lieblingsort ist\u2026<\/strong><br \/>der See in seiner nat\u00fcrlichen Form.<\/p>\n<\/div>\n<\/td>\n<\/tr>\n<tr>\n<td colspan=\"2\" style=\"border:none; height:26px; line-height:26px; font-size:0;\">&nbsp;<\/td>\n<\/tr>\n<tr>\n<td style=\"border: none;\" width=\"150\">\n<img decoding=\"async\" src=\"http:\/\/spdwoelfersheim.de\/wp-content\/uploads\/2026\/01\/19-Felicitas-Ziegler-0074-scaled.jpg\" border=\"0\" \/>\n<\/td>\n<td style=\"border: none;\" align=\"left\">\n&nbsp;<b>Felicitas Ziegler<\/b> (S\u00f6del)<br \/>\n&nbsp;selbstst\u00e4ndig \u2013 gelernte Altenpflegerin<\/p>\n<div class=\"kandidat-post\" style=\"margin-top:8px; line-height:1.35;\">\n<p style=\"margin:0 0 4px 0;\"><strong>Ich bin \u2026<\/strong><br \/>27 Jahre alt, mit meiner Heimat tief verbunden, aktiv, engagiert und viel unterwegs.<br \/>Familie, Arbeit, Feuerwehr und Sport pr\u00e4gen meinen Alltag \u2013 ob im Stadion oder auf einer Bank im Herrengarten.<\/p>\n<p style=\"margin:0 0 4px 0;\"><strong>Ich setze mich ein f\u00fcr \u2026<\/strong><br \/>eine junge, unabh\u00e4ngige Stimme in der Fraktion und ein starkes Angebot f\u00fcr die n\u00e4chste Generation.<\/p>\n<p style=\"margin:0 0 4px 0;\"><strong>F\u00fcr die Zukunft w\u00fcnsche ich mir \u2026<\/strong><br \/>offenen Diskurs und respektvollen Umgang in der Gemeindevertretung.<\/p>\n<p style=\"margin:0;\"><strong>Mein Lieblingsort:<\/strong><br \/>meine Joggingstrecke durch den Wald<\/p>\n<\/div>\n<\/td>\n<\/tr>\n<tr>\n<td colspan=\"2\" style=\"border:none; height:26px; line-height:26px; font-size:0;\">&nbsp;<\/td>\n<\/tr>\n<tr>\n<td style=\"border: none;\" width=\"150\">\n<img decoding=\"async\" src=\"http:\/\/spdwoelfersheim.de\/wp-content\/uploads\/2026\/01\/20-Michael-Kraeh-0235-scaled.jpg\" border=\"0\" \/>\n<\/td>\n<td style=\"border: none;\" align=\"left\">\n&nbsp;<b>Michael Kr\u00e4h<\/b> (Berstadt)<\/p>\n<\/td>\n<\/tr>\n<tr>\n<td colspan=\"2\" style=\"border:none; height:26px; line-height:26px; font-size:0;\">&nbsp;<\/td>\n<\/tr>\n<tr>\n<td style=\"border: none;\" width=\"150\">\n<img decoding=\"async\" src=\"http:\/\/spdwoelfersheim.de\/wp-content\/uploads\/2026\/01\/21-Tim-Griesshammer-0228-scaled.jpg\" border=\"0\" \/>\n<\/td>\n<td style=\"border: none;\" align=\"left\">\n&nbsp;<b>Tim Grie\u00dfhammer<\/b> (S\u00f6del)<br \/>\n&nbsp;Internationaler Vertrieb Maschinenbau<\/p>\n<div class=\"kandidat-post\" style=\"margin-top:8px; line-height:1.35;\">\n<p style=\"margin:0 0 4px 0;\"><strong>Ich bin\u2026<\/strong><br \/>ein aufgeschlossener, geselliger und hilfsbereiter Familienvater, der gerne Zeit in der Natur verbringt.<\/p>\n<p style=\"margin:0 0 4px 0;\"><strong>Ich setze mich ein f\u00fcr\u2026<\/strong><br \/>eine klare Linie in der Gemeinde, die allen ein positives Umfeld bietet. Ich m\u00f6chte konstruktive L\u00f6sungen und mehr Inklusion.<\/p>\n<p style=\"margin:0 0 4px 0;\"><strong>F\u00fcr die Zukunft w\u00fcnsche ich mir\u2026<\/strong><br \/>eine stetige Weiterentwicklung und konstruktive Bew\u00e4ltigung neuer Herausforderungen.<\/p>\n<p style=\"margin:0;\"><strong>Mein Lieblingsort ist\u2026<\/strong><br \/>der S\u00f6deler Wald.<\/p>\n<\/div>\n<\/td>\n<\/tr>\n<tr>\n<td colspan=\"2\" style=\"border:none; height:26px; line-height:26px; font-size:0;\">&nbsp;<\/td>\n<\/tr>\n<tr>\n<td style=\"border: none;\" width=\"150\">\n<img decoding=\"async\" src=\"http:\/\/spdwoelfersheim.de\/wp-content\/uploads\/2026\/01\/22-Kerstin-Mularcik-0095-scaled.jpg\" border=\"0\" \/>\n<\/td>\n<td style=\"border: none;\" align=\"left\">\n&nbsp;<b>Kerstin Mularcik<\/b> (Melbach)<br \/>\n&nbsp;Kaufm\u00e4nnische Angestellte<\/p>\n<div class=\"kandidat-post\" style=\"margin-top:8px; line-height:1.35;\">\n<p style=\"margin:0 0 4px 0;\"><strong>Ich bin\u2026<\/strong><br \/>verheiratet und habe zwei Kinder. Ich bin hilfsbereit und zuverl\u00e4ssig.<\/p>\n<p style=\"margin:0 0 4px 0;\"><strong>Ich setze mich ein f\u00fcr\u2026<\/strong><br \/>mitzuwirken und Probleme anzupacken. Wer etwas bewegen m\u00f6chte, muss die Initiative ergreifen, statt zu meckern.<\/p>\n<p style=\"margin:0 0 4px 0;\"><strong>F\u00fcr die Zukunft w\u00fcnsche ich mir\u2026<\/strong><br \/>ein st\u00e4rkeres Miteinander statt Steine, die man sich gegenseitig in den Weg legt.<\/p>\n<p style=\"margin:0;\"><strong>Mein Lieblingsort ist\u2026<\/strong><br \/>der Blick von meiner Terrasse \u00fcber die Natur.<\/p>\n<\/div>\n<\/td>\n<\/tr>\n<tr>\n<td colspan=\"2\" style=\"border:none; height:26px; line-height:26px; font-size:0;\">&nbsp;<\/td>\n<\/tr>\n<tr>\n<td style=\"border: none;\" width=\"150\">\n<img decoding=\"async\" src=\"http:\/\/spdwoelfersheim.de\/wp-content\/uploads\/2026\/01\/23-Karl-Otto-Waas-0019-scaled.jpg\" border=\"0\" \/>\n<\/td>\n<td style=\"border: none;\" align=\"left\">\n&nbsp;<b>Karl Otto Waas<\/b> (Berstadt)<br \/>\n&nbsp;Zimmermann<\/p>\n<div class=\"kandidat-post\" style=\"margin-top:8px; line-height:1.35;\">\n<p style=\"margin:0 0 4px 0;\"><strong>Ich bin&#8230;<\/strong><br \/>gerne mit Menschen vor Ort zusammen, um mit ihnen \u00fcber ihre Probleme zu reden und um sie gemeinsam mit Ihnen zu beheben.<\/p>\n<p style=\"margin:0 0 4px 0;\"><strong>Ich setze mich ein f\u00fcr&#8230;<\/strong><br \/>ein W\u00f6lfersheim mit stetig wachsendem Gewerbe mit gut bezahlten Arbeitspl\u00e4tzen vor Ort. Bezahlbarer Wohnraum hier in W\u00f6lfersheim. Vereinsarbeit ist mir wichtig sowie die St\u00e4rkung des Ehrenamtes.<\/p>\n<p style=\"margin:0 0 4px 0;\"><strong>F\u00fcr die Zukunft w\u00fcnsche ich&#8230;<\/strong><br \/>mir ein W\u00f6lfersheim das weiter Erfolg hat, denn wir haben die letzten Jahre viel erreicht.<\/p>\n<p style=\"margin:0;\"><strong>Mein Lieblingsort&#8230;<\/strong><br \/>ist auf den D\u00e4chern von W\u00f6lfersheim, um einen guten Blick \u00fcber unsere Infrastruktur und die k\u00fcnftigen Aufgaben zu haben.<\/p>\n<\/div>\n<\/td>\n<\/tr>\n<tr>\n<td colspan=\"2\" style=\"border:none; height:26px; line-height:26px; font-size:0;\">&nbsp;<\/td>\n<\/tr>\n<tr>\n<td style=\"border: none;\" width=\"150\">\n<img decoding=\"async\" src=\"http:\/\/spdwoelfersheim.de\/wp-content\/uploads\/2026\/01\/24-Georgia-Schmitt-0191-scaled.jpg\" border=\"0\" \/>\n<\/td>\n<td style=\"border: none;\" align=\"left\">\n&nbsp;<b>Georgia Meta Schmitt<\/b> (Berstadt)<br \/>\n&nbsp;Technische Angestellte<\/p>\n<div class=\"kandidat-post\" style=\"margin-top:8px; line-height:1.35;\">\n<p style=\"margin:0 0 4px 0;\"><strong>Ich bin\u2026<\/strong><br \/>Eine gute Zuh\u00f6rerin.<\/p>\n<p style=\"margin:0 0 4px 0;\"><strong>Ich setze mich ein f\u00fcr\u2026<\/strong><br \/>praktische L\u00f6sungen, denn ich versuche f\u00fcr jedes Problem eine L\u00f6sung zu finden. Bezahlbare Wohnungen sind ein wichtiges Thema, f\u00fcr das ich mich einsetzen m\u00f6chte. Auch ein Wohnheim f\u00fcr Azubis w\u00e4re eine Idee, die ich gerne verfolgen m\u00f6chte.<\/p>\n<p style=\"margin:0 0 4px 0;\"><strong>F\u00fcr die Zukunft w\u00fcnsche ich mir\u2026<\/strong><br \/>an die Zukunft zu denken \u2013 nicht nur das allt\u00e4gliche \u201eklein klein\u201c. Die einfachste L\u00f6sung ist nicht immer die beste.<\/p>\n<p style=\"margin:0;\"><strong>Mein Lieblingsort ist\u2026<\/strong><br \/>mein Garten in Berstadt.<\/p>\n<\/div>\n<\/td>\n<\/tr>\n<tr>\n<td colspan=\"2\" style=\"border:none; height:26px; line-height:26px; font-size:0;\">&nbsp;<\/td>\n<\/tr>\n<tr>\n<td style=\"border: none;\" width=\"150\">\n<img decoding=\"async\" src=\"http:\/\/spdwoelfersheim.de\/wp-content\/uploads\/2026\/01\/25-Rainer-Gotthardt-120-scaled.jpg\" border=\"0\" \/>\n<\/td>\n<td style=\"border: none;\" align=\"left\">\n&nbsp;<b>Rainer Gotthardt<\/b> (Wohnbach)\n<\/td>\n<\/tr>\n<tr>\n<td colspan=\"2\" style=\"border:none; height:26px; line-height:26px; font-size:0;\">&nbsp;<\/td>\n<\/tr>\n<tr>\n<td style=\"border: none;\" width=\"150\">\n<img decoding=\"async\" src=\"http:\/\/spdwoelfersheim.de\/wp-content\/uploads\/2026\/01\/26-Michael-Debes_0003-scaled.jpg\" border=\"0\" \/>\n<\/td>\n<td style=\"border: none;\" align=\"left\">\n&nbsp;<b>Michael Debes<\/b> (Melbach)<br \/>\n&nbsp;Weichenw\u00e4rter<\/p>\n<div class=\"kandidat-post\" style=\"margin-top:8px; line-height:1.35;\">\n<p style=\"margin:0 0 4px 0;\"><strong>Ich bin\u2026<\/strong><br \/>ein Gewerkschafter, der sich mit Herz und Seele f\u00fcr die Belange meiner Mitmenschen und f\u00fcr die B\u00fcrger einsetzt. Ein kollegiales Miteinander steht f\u00fcr mich ganz oben. Auch die Tiere liegen mir am Herzen.<\/p>\n<p style=\"margin:0 0 4px 0;\"><strong>Ich setze mich ein f\u00fcr\u2026<\/strong><br \/>die Vereine, die Feuerwehren, und sch\u00e4tze die ehrenamtlich Engagierten. Gerechtigkeit und ein starkes Miteinander sind mir wichtig, und daf\u00fcr habe ich immer ein offenes Ohr und setze mich ein.<\/p>\n<p style=\"margin:0 0 4px 0;\"><strong>F\u00fcr die Zukunft w\u00fcnsche ich mir\u2026<\/strong><br \/>eine Gemeinde, in der das Miteinander gro\u00dfgeschrieben wird und Hilfsbereitschaft eine Selbstverst\u00e4ndlichkeit ist.<\/p>\n<p style=\"margin:0;\"><strong>Mein Lieblingsplatz:<\/strong><br \/>der Haag in Melbach, der Rote Platz und der W\u00f6lfersheimer See.<\/p>\n<\/div>\n<\/td>\n<\/tr>\n<tr>\n<td colspan=\"2\" style=\"border:none; height:26px; line-height:26px; font-size:0;\">&nbsp;<\/td>\n<\/tr>\n<tr>\n<td style=\"border: none;\" width=\"150\">\n<img decoding=\"async\" src=\"http:\/\/spdwoelfersheim.de\/wp-content\/uploads\/2026\/01\/27-Simone-Langer-scaled.jpg\" border=\"0\" \/>\n<\/td>\n<td style=\"border: none;\" align=\"left\">\n&nbsp;<b>Simone Langer<\/b> (Melbach)<br \/>\n&nbsp;Projektmanagerin Schulausstattung<\/p>\n<div class=\"kandidat-post\" style=\"margin-top:8px; line-height:1.35;\">\n<p style=\"margin:0 0 4px 0;\"><strong>Ich bin\u2026<\/strong><br \/>44 Jahre alt, Mama von zwei Jungs und engagiere mich gerne f\u00fcr die Gemeinschaft. In meiner Freizeit besch\u00e4ftige ich mich gerne mit kreativen Dingen und lese gerne.<\/p>\n<p style=\"margin:0 0 4px 0;\"><strong>Ich setze mich ein f\u00fcr\u2026<\/strong><br \/>Kinder, Jugendliche und Barrierefreiheit. Jede Generation soll passende Angebote vor Ort finden.<\/p>\n<p style=\"margin:0 0 4px 0;\"><strong>F\u00fcr die Zukunft w\u00fcnsche ich mir\u2026<\/strong><br \/>dass alle Generationen ihren Platz haben \u2013 besonders Kinder und Jugendliche \u2013 und dass Gemeinschaft nicht vom Geldbeutel oder Vereinsmitgliedschaft abh\u00e4ngt.<\/p>\n<p style=\"margin:0;\"><strong>Mein Lieblingsort ist\u2026<\/strong><br \/>der Haag in Melbach.<\/p>\n<\/div>\n<\/td>\n<\/tr>\n<tr>\n<td colspan=\"2\" style=\"border:none; height:26px; line-height:26px; font-size:0;\">&nbsp;<\/td>\n<\/tr>\n<tr>\n<td style=\"border: none;\" width=\"150\">\n<img decoding=\"async\" src=\"http:\/\/spdwoelfersheim.de\/wp-content\/uploads\/2026\/01\/28-Markus-Ohly-scaled.jpg\" border=\"0\" \/>\n<\/td>\n<td style=\"border: none;\" align=\"left\">\n&nbsp;<b>Markus Ohly<\/b> (S\u00f6del)<br \/>\n&nbsp;Betriebsleiter<\/p>\n<div class=\"kandidat-post\" style=\"margin-top:8px; line-height:1.35;\">\n<p style=\"margin:0 0 4px 0;\"><strong>Ich bin<\/strong><br \/>&#8230;f\u00fcr klare Worte, saubere L\u00f6sungen und den menschlichen Blick hinter den Zahlen.<\/p>\n<p style=\"margin:0 0 4px 0;\"><strong>Ich setze mich f\u00fcr\u2026<\/strong><br \/>starke lokale Wirtschaftsbetriebe in und um W\u00f6lfersheim ein. Gute Arbeitspl\u00e4tze, eine funktionierende Infrastruktur und eine enge Zusammenarbeit zwischen Gemeinde und Unternehmen sind mir besonders wichtig.<\/p>\n<p style=\"margin:0 0 4px 0;\"><strong>F\u00fcr die Zukunft w\u00fcnsche ich mir\u2026<\/strong><br \/>Das W\u00f6lfersheim lebenswert, sozial gerecht<\/p>\n<p style=\"margin:0;\"><strong>Mein Lieblingsort:<\/strong><br \/>Die Handball-Halle in S\u00f6del<\/p>\n<\/div>\n<\/td>\n<\/tr>\n<tr>\n<td colspan=\"2\" style=\"border:none; height:26px; line-height:26px; font-size:0;\">&nbsp;<\/td>\n<\/tr>\n<tr>\n<td style=\"border: none;\" width=\"150\">\n<img decoding=\"async\" src=\"http:\/\/spdwoelfersheim.de\/wp-content\/uploads\/2026\/01\/29-Gabriele-v-Bechtholsheim-scaled.jpg\" border=\"0\" \/>\n<\/td>\n<td style=\"border: none;\" align=\"left\">\n&nbsp;<b>Gabriele von Bechtolsheim<\/b> (Wohnbach)<br \/>\n&nbsp;Versicherungsfachwirtin<\/p>\n<div class=\"kandidat-post\" style=\"margin-top:8px; line-height:1.35;\">\n<p style=\"margin:0 0 4px 0;\"><strong>Ich bin \u2026<\/strong><br \/>interessiert, engagiert und offen f\u00fcr vieles \u2013 und ich lebe schon mein ganzes Leben in W\u00f6lfersheim.<\/p>\n<p style=\"margin:0 0 4px 0;\"><strong>Ich setze mich ein f\u00fcr \u2026<\/strong><br \/>alles, was W\u00f6lfersheim betrifft \u2013 besonders Bildung, Schulen und Infrastruktur.<\/p>\n<p style=\"margin:0 0 4px 0;\"><strong>F\u00fcr die Zukunft w\u00fcnsche ich mir \u2026<\/strong><br \/>gute Bildung und Kinderbetreuung, gute Verkehrsanbindung und stabile Infrastruktur.<\/p>\n<p style=\"margin:0;\"><strong>Mein Lieblingsort:<\/strong><br \/>die Feldwege rund um Wohnbach und der Wohnbacher Wald<\/p>\n<\/div>\n<\/td>\n<\/tr>\n<tr>\n<td colspan=\"2\" style=\"border:none; height:26px; line-height:26px; font-size:0;\">&nbsp;<\/td>\n<\/tr>\n<tr>\n<td style=\"border: none;\" width=\"150\">\n<img decoding=\"async\" src=\"http:\/\/spdwoelfersheim.de\/wp-content\/uploads\/2026\/01\/30-Stefan-Fischer-0136-scaled.jpg\" border=\"0\" \/>\n<\/td>\n<td style=\"border: none;\" align=\"left\">\n&nbsp;<b>Stefan Fischer<\/b> (W\u00f6lfersheim)<br \/>\n&nbsp;Projektmanager im Kommunikationsunternehmen<\/p>\n<div class=\"kandidat-post\" style=\"margin-top:8px; line-height:1.35;\">\n<p style=\"margin:0 0 4px 0;\"><strong>Ich bin \u2026<\/strong><br \/>neben meinem Beruf im Bausektor aktiv seit 1995, Mitglied in der Feuerwehr, einige Jahre Jugendwart und viele Jahre im Schulelternbeirat t\u00e4tig gewesen \u2013 an der JKS wie auch an der Singbergschule. Auf mich ist Verlass.<\/p>\n<p style=\"margin:0 0 4px 0;\"><strong>Ich setze mich ein f\u00fcr \u2026<\/strong><br \/>bezahlbaren Wohnraum, damit die Bewohner der Gemeinde W\u00f6lfersheim sich diesen auch in Zukunft leisten k\u00f6nnen.<br \/>Wirtschaftliches Handeln liegt mir besonders am Herzen.<\/p>\n<p style=\"margin:0 0 4px 0;\"><strong>F\u00fcr die Zukunft w\u00fcnsche ich mir \u2026<\/strong><br \/>eine stabile, wirtschaftlich solide Entwicklung unserer Gemeinde.<\/p>\n<p style=\"margin:0;\"><strong>Mein Lieblingsort:<\/strong><br \/>die vielf\u00e4ltige Natur<\/p>\n<\/div>\n<\/td>\n<\/tr>\n<tr>\n<td colspan=\"2\" style=\"border:none; height:26px; line-height:26px; font-size:0;\">&nbsp;<\/td>\n<\/tr>\n<tr>\n<td style=\"border: none;\" width=\"150\">\n<img decoding=\"async\" src=\"http:\/\/spdwoelfersheim.de\/wp-content\/uploads\/2026\/01\/31-Bettina-Skottke-0251-scaled.jpg\" border=\"0\" \/>\n<\/td>\n<td style=\"border: none;\" align=\"left\">\n&nbsp;<b>Bettina Skottke<\/b> (W\u00f6lfersheim)<br \/>\n&nbsp;Musicaldarstellerin &amp; Bestatterin<\/p>\n<div class=\"kandidat-post\" style=\"margin-top:8px; line-height:1.35;\">\n<p style=\"margin:0 0 4px 0;\"><strong>Ich bin\u2026<\/strong><br \/>ein Mensch mit offenem Herzen, der andere zusammenbringt und unterst\u00fctzt. Menschen stehen f\u00fcr mich immer an erster Stelle. N\u00e4he, Mitgef\u00fchl und Verantwortung pr\u00e4gen meine Berufe.<\/p>\n<p style=\"margin:0 0 4px 0;\"><strong>Ich setze mich ein f\u00fcr\u2026<\/strong><br \/>soziale Hilfestellung, Gerechtigkeit und ein starkes Miteinander. Kultur ist mir wichtig, weil sie Gemeinschaft schafft und Menschen verbindet.<\/p>\n<p style=\"margin:0 0 4px 0;\"><strong>F\u00fcr die Zukunft w\u00fcnsche ich mir\u2026<\/strong><br \/>eine Gemeinde, in der Menschlichkeit, Hilfsbereitschaft und Gerechtigkeit selbstverst\u00e4ndlich sind.<\/p>\n<p style=\"margin:0;\"><strong>Mein Lieblingsort ist\u2026<\/strong><br \/>W\u00f6lfersheim direkt.<\/p>\n<\/div>\n<\/td>\n<\/tr>\n<\/tbody>\n<\/table>\n","protected":false},"excerpt":{"rendered":"<p>Am 15. M\u00e4rz findet in Hessen die Kommunalwahl statt. Hier wird neben der W\u00f6lfersheimer Gemeindevertretung auch der Wetterauer Kreistag gew\u00e4hlt. Auf dieser Seite m\u00f6chten wir Ihnen unsere 31 Kandidatinnen und Kandidaten vorstellen die sich um einen Sitz in unserer Gemeindevertretung bewerben. Weitere Informationen zu unseren Kandidaten und zum Wahlprogramm finden Sie in den B\u00fcrgergespr\u00e4chen 118 [&hellip;]<\/p>\n","protected":false},"author":1,"featured_media":0,"parent":0,"menu_order":0,"comment_status":"closed","ping_status":"closed","template":"","meta":{"rop_custom_images_group":[],"rop_custom_messages_group":[],"rop_publish_now":"initial","rop_publish_now_accounts":[],"rop_publish_now_history":[],"rop_publish_now_status":"pending","footnotes":""},"class_list":["post-2235","page","type-page","status-publish","hentry"],"_links":{"self":[{"href":"http:\/\/spdwoelfersheim.de\/index.php?rest_route=\/wp\/v2\/pages\/2235","targetHints":{"allow":["GET"]}}],"collection":[{"href":"http:\/\/spdwoelfersheim.de\/index.php?rest_route=\/wp\/v2\/pages"}],"about":[{"href":"http:\/\/spdwoelfersheim.de\/index.php?rest_route=\/wp\/v2\/types\/page"}],"author":[{"embeddable":true,"href":"http:\/\/spdwoelfersheim.de\/index.php?rest_route=\/wp\/v2\/users\/1"}],"replies":[{"embeddable":true,"href":"http:\/\/spdwoelfersheim.de\/index.php?rest_route=%2Fwp%2Fv2%2Fcomments&post=2235"}],"version-history":[{"count":18,"href":"http:\/\/spdwoelfersheim.de\/index.php?rest_route=\/wp\/v2\/pages\/2235\/revisions"}],"predecessor-version":[{"id":2326,"href":"http:\/\/spdwoelfersheim.de\/index.php?rest_route=\/wp\/v2\/pages\/2235\/revisions\/2326"}],"wp:attachment":[{"href":"http:\/\/spdwoelfersheim.de\/index.php?rest_route=%2Fwp%2Fv2%2Fmedia&parent=2235"}],"curies":[{"name":"wp","href":"https:\/\/api.w.org\/{rel}","templated":true}]}}