{"id":26,"date":"2014-03-19T15:35:59","date_gmt":"2014-03-19T13:35:59","guid":{"rendered":"http:\/\/spdwoelfersheim.de\/?page_id=26"},"modified":"2025-01-14T15:39:45","modified_gmt":"2025-01-14T13:39:45","slug":"ortsteile","status":"publish","type":"page","link":"http:\/\/spdwoelfersheim.de\/?page_id=26","title":{"rendered":"Ortsteile"},"content":{"rendered":"<p>Wir sind f\u00fcr Sie vor Ort! Die SPD in der Gemeinde W\u00f6lfersheim hat Mitglieder in allen Ortsteilen, die auch in den politischen Gremien f\u00fcr Sie im Einsatz sind. Haben Fragen zu aktuellen Themen oder einem Vorschlag f\u00fcr ihren Ortsteil? Auf dieser Seite finden Sie eine \u00dcbersischt ihrer Ansprechpartner. Ist eines unserer Fraktionsmitglieder vielleicht Ihr Nachbar? Scheuen Sie sich nicht und sprechen Sie uns direkt an.<\/p>\n<table  class=\" table table-hover\" style=\"border:none;\">\n<tr>\n<td style=\"border:none;\" width=\"150\">&nbsp;<img decoding=\"async\" src=\"http:\/\/spdwoelfersheim.de\/wp-content\/uploads\/2025\/01\/platzhalter.jpg\" border=\"0\">&nbsp;<\/td>\n<td style=\"border:none;\" align=\"left\">&nbsp;<\/p>\n<p>\n<b>W\u00d6LFERSHEIM<\/b><br \/>\n<b>Eberhard Felde<\/b>\n<\/p>\n<\/td>\n<\/tr>\n<table  class=\" table table-hover\" style=\"border:none;\">\n<tr>\n<td style=\"border:none;\" width=\"150\">&nbsp;<img decoding=\"async\" src=\"http:\/\/spdwoelfersheim.de\/wp-content\/uploads\/2016\/12\/11-michael-schmidt.jpg\" border=\"0\">&nbsp;<\/td>\n<td style=\"border:none;\" align=\"left\">&nbsp;<\/p>\n<p>\n<b>S\u00d6DEL<\/b><br \/>\n<b>Michael Schmidt<\/b>\n<\/p>\n<\/td>\n<\/tr>\n<table  class=\" table table-hover\" style=\"border:none;\">\n<tr>\n<td style=\"border:none;\" width=\"150\">&nbsp;<img decoding=\"async\" src=\"http:\/\/spdwoelfersheim.de\/wp-content\/uploads\/2016\/12\/41-sebastian-goebel.jpg\" border=\"0\">&nbsp;<\/td>\n<td style=\"border:none;\" align=\"left\">&nbsp;<\/p>\n<p>\n<b>MELBACH<\/b><br \/>\n<b>Sebastian G\u00f6bel<\/b><br \/>\nTel.: 0160-97374900\n<\/p>\n<\/td>\n<\/tr>\n<table  class=\" table table-hover\" style=\"border:none;\">\n<tr>\n<td style=\"border:none;\" width=\"150\">&nbsp;<img decoding=\"async\" src=\"http:\/\/spdwoelfersheim.de\/wp-content\/uploads\/2016\/12\/37-rainer-gotthardt.jpg\" border=\"0\">&nbsp;<\/td>\n<td style=\"border:none;\" align=\"left\">&nbsp;<\/p>\n<p>\n<b>WOHNBACH<\/b><br \/>\n<b>Rainer Gotthardt<\/b>\n<\/p>\n<\/td>\n<\/tr>\n<table  class=\" table table-hover\" style=\"border:none;\">\n<tr>\n<td style=\"border:none;\" width=\"150\">&nbsp;<img decoding=\"async\" src=\"http:\/\/spdwoelfersheim.de\/wp-content\/uploads\/2016\/12\/07-michael-kraeh.jpg\" border=\"0\">&nbsp;<\/td>\n<td style=\"border:none;\" align=\"left\">&nbsp;<\/p>\n<p>\n<b>BERSTADT<\/b><br \/>\n<b>Michael Kr\u00e4h<\/b>\n<\/p>\n<\/td>\n<\/tr>\n<\/table>\n","protected":false},"excerpt":{"rendered":"<p>Wir sind f\u00fcr Sie vor Ort! Die SPD in der Gemeinde W\u00f6lfersheim hat Mitglieder in allen Ortsteilen, die auch in den politischen Gremien f\u00fcr Sie im Einsatz sind. Haben Fragen zu aktuellen Themen oder einem Vorschlag f\u00fcr ihren Ortsteil? Auf dieser Seite finden Sie eine \u00dcbersischt ihrer Ansprechpartner. Ist eines unserer Fraktionsmitglieder vielleicht Ihr Nachbar? [&hellip;]<\/p>\n","protected":false},"author":6,"featured_media":0,"parent":0,"menu_order":20,"comment_status":"closed","ping_status":"closed","template":"","meta":{"rop_custom_images_group":[],"rop_custom_messages_group":[],"rop_publish_now":"initial","rop_publish_now_accounts":[],"rop_publish_now_history":[],"rop_publish_now_status":"pending","footnotes":""},"class_list":["post-26","page","type-page","status-publish","hentry"],"_links":{"self":[{"href":"http:\/\/spdwoelfersheim.de\/index.php?rest_route=\/wp\/v2\/pages\/26","targetHints":{"allow":["GET"]}}],"collection":[{"href":"http:\/\/spdwoelfersheim.de\/index.php?rest_route=\/wp\/v2\/pages"}],"about":[{"href":"http:\/\/spdwoelfersheim.de\/index.php?rest_route=\/wp\/v2\/types\/page"}],"author":[{"embeddable":true,"href":"http:\/\/spdwoelfersheim.de\/index.php?rest_route=\/wp\/v2\/users\/6"}],"replies":[{"embeddable":true,"href":"http:\/\/spdwoelfersheim.de\/index.php?rest_route=%2Fwp%2Fv2%2Fcomments&post=26"}],"version-history":[{"count":11,"href":"http:\/\/spdwoelfersheim.de\/index.php?rest_route=\/wp\/v2\/pages\/26\/revisions"}],"predecessor-version":[{"id":2105,"href":"http:\/\/spdwoelfersheim.de\/index.php?rest_route=\/wp\/v2\/pages\/26\/revisions\/2105"}],"wp:attachment":[{"href":"http:\/\/spdwoelfersheim.de\/index.php?rest_route=%2Fwp%2Fv2%2Fmedia&parent=26"}],"curies":[{"name":"wp","href":"https:\/\/api.w.org\/{rel}","templated":true}]}}