{"id":33,"date":"2014-03-19T15:51:27","date_gmt":"2014-03-19T13:51:27","guid":{"rendered":"http:\/\/spdwoelfersheim.de\/?page_id=33"},"modified":"2026-02-04T10:31:10","modified_gmt":"2026-02-04T08:31:10","slug":"buergermeister","status":"publish","type":"page","link":"http:\/\/spdwoelfersheim.de\/?page_id=33","title":{"rendered":"B\u00fcrgermeister"},"content":{"rendered":"<p><img decoding=\"async\" src=\"http:\/\/spdwoelfersheim.de\/wp-content\/uploads\/2026\/02\/image001.jpg\" width=\"400\" \/><\/p>\n<p>Eike See wurde am 04. M\u00e4rz 2018 zum B\u00fcrgermeister der Gemeinde W\u00f6lfersheim gew\u00e4hlt. Mit 67% der Stimmen setze er sich gegen zwei unabh\u00e4ngige Gegenkandidaten durch. Am 08. Oktober 2023 wurde er im Amt best\u00e4tigt und mit 75% ohne Gegenkandidaten erneut gew\u00e4hlt.<\/p>\n<p>Damit Sie sich einen Eindruck von unserem  B\u00fcrgermeister verschaffen k\u00f6nnen finden Sie hier einen kurzen Lebenslauf von ihm. <\/p>\n<p>Eike See wurde am 06. Februar 1980 in Friedberg geboren, hat im Jahr 2007 seine Frau Julia geheiratet und hat zwei T\u00f6chter im Alter von 8 und 4 Jahren.<br \/>\nSeine Kindheit verbrachte er mit seinem j\u00fcngeren Bruder Henning und seinen Eltern Dieter und Ulrike in W\u00f6lfersheim\/S\u00f6del.<br \/>\nSein Gro\u00dfvater Siegmund Krahn arbeitete, wie die meisten W\u00f6lfersheimer, bei der Preu\u00dfen Elektra und f\u00fchrte im Nebenerwerb zusammen mit seiner Gro\u00dfmutter Annemarie, einen kleinen Bauernhof in der Oppershofener Stra\u00dfe in S\u00f6del. <\/p>\n<p>Im Jahr 1997 machte er seinen Realschulabschluss an der Singbergschule. Anschlie\u00dfend absolvierte er erfolgreich eine Lehre zum B\u00fcrokaufmann im Autohaus Dr. Vogler in Friedberg, Rosbach und Bad Homburg. Seine Lehre endete im Jahr 2001. Danach absolvierte er seinen Wehrdienst in Stadtallendorf. Nach seiner Bundeswehrzeit erwarb er sein Fachabitur in der Richtung Wirtschaft und Verwaltung an der Kaufm\u00e4nnischen Berufsschule in Bad Nauheim. Im Anschluss daran machte er seinen Abschluss als gepr\u00fcfter Bilanzbuchhalter IHK in Frankfurt. Im Jahr 2004 wechselte er zur Krankenkasse Taunus-BKK nach Frankfurt. Dort nahm er erfolgreich an einem Entwicklungsprogramm f\u00fcr F\u00fchrungskr\u00e4fte teil. Dank dieser Ausbildung konnte er als Teamleiter in unterschiedlichen Bereichen t\u00e4tig sein und stieg schlie\u00dflich zum stellvertretenden Fachbereichsleiter der Finanzabteilung auf. Im Bereich des Geb\u00e4ude- und Vertragsmanagements konnte er ebenfalls Erfahrungen sammeln.<\/p>\n<p>2011 bot sich ihm die M\u00f6glichkeit, bei der Gemeinde W\u00f6lfersheim als Leiter der Finanzabteilung zu arbeiten. Im Laufe der Jahre 2011 bis 2017 hat Eike See an unz\u00e4hligen kleinen und gro\u00dfen Projekten mitgearbeitet und konnte die Entwicklung von W\u00f6lfersheim so aktiv mitgestalten. Als Beispiele sind hier der Bau des Solarparks am See, die Umsetzung des finanziellen Stabilit\u00e4tsprogrammes, die Integration der Gemeinde Echzell in die Gemeinschaftskasse Wetterau oder die Erweiterung des Sportparks am W\u00f6lfersheimer See zu nennen.<br \/>\nSeit dem Jahr 2014 war See, neben seiner T\u00e4tigkeit als Fachbereichsleiter der Finanzen bei der Gemeinde W\u00f6lfersheim, noch als Verbandssekret\u00e4r bei der Gemeinschaftskasse Wetterau f\u00fcr das Kassengesch\u00e4ft f\u00fcr rund 42.000 Einwohner in 6 Wetterauer Kommunen verantwortlich.<br \/>\nDar\u00fcber hinaus k\u00fcmmerte er sich seit 2016 als Sekret\u00e4r um die W\u00f6lfersheimer B\u00fcrgerstiftung und als Schulkoordinator der Gemeinde W\u00f6lfersheim um die Fragen der beiden W\u00f6lfersheimer Schulen.<\/p>\n<p>In seiner Freizeit ist Eike See in vielen Bereichen ehrenamtlich t\u00e4tig:<\/p>\n<p>&#8211; Vorstandsmitglied des Schulf\u00f6rdervereins<br \/>\n&#8211; seit \u00fcber 10 Jahren SPD-Mitglied<br \/>\n&#8211; Vorsitzender des SPD-Ortsbezirk S\u00f6del<br \/>\n&#8211; Mitglied im Partnerschaftsverein<br \/>\n&#8211; passives Mitglied der Freiwilligen Feuerwehr S\u00f6del<br \/>\n&#8211; ehemals aktiver Handballer und Jugendtrainer<\/p>\n<p>Wenn ihm daneben noch Zeit bleibt, treibe er Sport und schaut sich gern mal ein Spiel der Frankfurter Eintracht, der HSG Wetzlar oder des TSV S\u00f6del in der Turnhalle an. Seit neuestem hat er auch sein Herz f\u00fcr Gartenarbeit entdeckt und ein Gartengrundst\u00fcck gepachtet.<\/p>\n","protected":false},"excerpt":{"rendered":"<p>Eike See wurde am 04. M\u00e4rz 2018 zum B\u00fcrgermeister der Gemeinde W\u00f6lfersheim gew\u00e4hlt. Mit 67% der Stimmen setze er sich gegen zwei unabh\u00e4ngige Gegenkandidaten durch. Am 08. Oktober 2023 wurde er im Amt best\u00e4tigt und mit 75% ohne Gegenkandidaten erneut gew\u00e4hlt. Damit Sie sich einen Eindruck von unserem B\u00fcrgermeister verschaffen k\u00f6nnen finden Sie hier einen [&hellip;]<\/p>\n","protected":false},"author":6,"featured_media":0,"parent":0,"menu_order":30,"comment_status":"closed","ping_status":"closed","template":"","meta":{"rop_custom_images_group":[],"rop_custom_messages_group":[],"rop_publish_now":"initial","rop_publish_now_accounts":[],"rop_publish_now_history":[],"rop_publish_now_status":"pending","footnotes":""},"class_list":["post-33","page","type-page","status-publish","hentry"],"_links":{"self":[{"href":"http:\/\/spdwoelfersheim.de\/index.php?rest_route=\/wp\/v2\/pages\/33","targetHints":{"allow":["GET"]}}],"collection":[{"href":"http:\/\/spdwoelfersheim.de\/index.php?rest_route=\/wp\/v2\/pages"}],"about":[{"href":"http:\/\/spdwoelfersheim.de\/index.php?rest_route=\/wp\/v2\/types\/page"}],"author":[{"embeddable":true,"href":"http:\/\/spdwoelfersheim.de\/index.php?rest_route=\/wp\/v2\/users\/6"}],"replies":[{"embeddable":true,"href":"http:\/\/spdwoelfersheim.de\/index.php?rest_route=%2Fwp%2Fv2%2Fcomments&post=33"}],"version-history":[{"count":8,"href":"http:\/\/spdwoelfersheim.de\/index.php?rest_route=\/wp\/v2\/pages\/33\/revisions"}],"predecessor-version":[{"id":2292,"href":"http:\/\/spdwoelfersheim.de\/index.php?rest_route=\/wp\/v2\/pages\/33\/revisions\/2292"}],"wp:attachment":[{"href":"http:\/\/spdwoelfersheim.de\/index.php?rest_route=%2Fwp%2Fv2%2Fmedia&parent=33"}],"curies":[{"name":"wp","href":"https:\/\/api.w.org\/{rel}","templated":true}]}}